{"id":556,"date":"2021-04-29T16:32:25","date_gmt":"2021-04-29T14:32:25","guid":{"rendered":"http:\/\/source-d-eveil.fr\/?page_id=556"},"modified":"2025-11-25T12:49:13","modified_gmt":"2025-11-25T11:49:13","slug":"atelier-bien-etre","status":"publish","type":"page","link":"https:\/\/eveil-sacre.fr\/index.php\/atelier-bien-etre\/","title":{"rendered":"Ateliers Bien-\u00eatre pour enfants"},"content":{"rendered":"<div   data-size='featured'  data-lightbox_size='large'  data-animation='slide'  data-conditional_play=''  data-ids='861'  data-video_counter='0'  data-autoplay='false'  data-bg_slider='false'  data-slide_height=''  data-handle='av_slideshow'  data-interval='5'  data-class=' avia-builder-el-0  el_before_av_heading  avia-builder-el-first  '  data-el_id=''  data-css_id=''  data-scroll_down=''  data-control_layout='av-control-default'  data-custom_markup=''  data-perma_caption=''  data-autoplay_stopper=''  data-image_attachment=''  data-min_height='0px'  data-lazy_loading='disabled'  data-default-height='28.666666666667'  class='avia-slideshow avia-slideshow-1  av-control-default av-default-height-applied avia-slideshow-featured av_slideshow  avia-builder-el-0  el_before_av_heading  avia-builder-el-first   avia-slide-slider '  itemprop=\"image\" itemscope=\"itemscope\" itemtype=\"https:\/\/schema.org\/ImageObject\" ><ul class='avia-slideshow-inner ' style='padding-bottom: 28.925619834711%;' ><li  class=' av-single-slide slide-1 ' ><div data-rel='slideshow-1' class='avia-slide-wrap '   ><img decoding=\"async\" class=\"wp-image-861 avia-img-lazy-loading-not-861\"  src=\"https:\/\/eveil-sacre.fr\/wp-content\/uploads\/2021\/09\/bandeau-atelier.jpg\" width=\"1210\" height=\"350\" title='bandeau atelier' alt=''  itemprop=\"thumbnailUrl\" srcset=\"https:\/\/eveil-sacre.fr\/wp-content\/uploads\/2021\/09\/bandeau-atelier.jpg 1210w, https:\/\/eveil-sacre.fr\/wp-content\/uploads\/2021\/09\/bandeau-atelier-300x87.jpg 300w, https:\/\/eveil-sacre.fr\/wp-content\/uploads\/2021\/09\/bandeau-atelier-1030x298.jpg 1030w, https:\/\/eveil-sacre.fr\/wp-content\/uploads\/2021\/09\/bandeau-atelier-768x222.jpg 768w, https:\/\/eveil-sacre.fr\/wp-content\/uploads\/2021\/09\/bandeau-atelier-705x204.jpg 705w\" sizes=\"(max-width: 1210px) 100vw, 1210px\" \/><\/div><\/li><\/ul><\/div>\n<div  style='padding-bottom:10px; color:#7bb343;' class='av-special-heading av-special-heading-h3 custom-color-heading blockquote classic-quote  avia-builder-el-1  el_after_av_slideshow  el_before_av_heading  '><h3 class='av-special-heading-tag '  itemprop=\"headline\"  >Un enfant heureux aujourd\u2018hui a toutes les chances d\u2019\u00eatre un adulte \u00e9panoui demain !<\/h3><div class='special-heading-border'><div class='special-heading-inner-border' style='border-color:#7bb343'><\/div><\/div><\/div>\n<div  style='padding-bottom:10px; color:#37909b;' class='av-special-heading av-special-heading-h1 custom-color-heading blockquote modern-quote modern-centered  avia-builder-el-2  el_after_av_heading  el_before_av_textblock  '><h1 class='av-special-heading-tag '  itemprop=\"headline\"  >Ateliers bien-\u00eatre<\/h1><div class='special-heading-border'><div class='special-heading-inner-border' style='border-color:#37909b'><\/div><\/div><\/div>\n<section class=\"av_textblock_section \"  itemscope=\"itemscope\" itemtype=\"https:\/\/schema.org\/CreativeWork\" ><div class='avia_textblock  av_inherit_color '  style='color:#7bb343; '  itemprop=\"text\" ><p style=\"text-align: center;\">&#8211; Partenariat avec les structures<\/p>\n<p style=\"text-align: center;\">&#8211; Int\u00e9r\u00eats des ateliers bien-\u00eatre<\/p>\n<\/div><\/section>\n<section class=\"av_textblock_section \"  itemscope=\"itemscope\" itemtype=\"https:\/\/schema.org\/CreativeWork\" ><div class='avia_textblock  '   itemprop=\"text\" ><p style=\"text-align: center;\">Parce que le bonheur est bon pour la sant\u00e9, il me semble important d&rsquo;agir sur le corps et l&rsquo;esprit.<\/p>\n<\/div><\/section>\n<section class=\"av_textblock_section \"  itemscope=\"itemscope\" itemtype=\"https:\/\/schema.org\/CreativeWork\" ><div class='avia_textblock  '   itemprop=\"text\" ><p style=\"text-align: center;\">Des<strong> soins individuels<\/strong> et des <strong>ateliers collectifs<\/strong> pour cultiver le bien-\u00eatre en structure !<\/p>\n<\/div><\/section>\n<div   class=\"togglecontainer   toggle_close_all  avia-builder-el-6  el_after_av_textblock  el_before_av_hr \" >\n<section class=\"av_toggle_section\"  itemscope=\"itemscope\" itemtype=\"https:\/\/schema.org\/CreativeWork\"  >    <div role=\"tablist\" class=\"single_toggle\" data-tags=\"{Tout} \"  >        <p data-fake-id=\"#toggle-id-1\" class=\"toggler  hasCustomColor av-inherit-font-color  av-inherit-border-color \"  itemprop=\"headline\"  style='color: #37909b; border-color: #37909b; '  role=\"tab\" tabindex=\"0\" aria-controls=\"toggle-id-1\">Mon parcours et pourquoi intervenir aupr\u00e8s des enfants<span class=\"toggle_icon\" style='border-color:#37909b;'>        <span class=\"vert_icon\"><\/span><span class=\"hor_icon\"><\/span><\/span><\/p>        <div id=\"toggle-id-1\" class=\"toggle_wrap \"   >            <div class=\"toggle_content invers-color  av-inherit-font-color  av-inherit-border-color \"  itemprop=\"text\"  style='color: #37909b; border-color: #37909b; ' ><p>Educatrice de jeunes enfants, j\u2019accompagne depuis plusieurs ann\u00e9es les enfants et les familles.<\/p>\n<p>En cr\u00e8ches, au sein de la protection de l&rsquo;enfance en foyers, maison d&rsquo;enfants \u00e0 caract\u00e8re social, en milieu ouvert pour aider \u00e0 la r\u00e9insertion sociale et au soutien \u00e0 la parentalit\u00e9 ou pour la croix rouge en relais parental !<\/p>\n<p>C\u2019est un m\u00e9tier qui m&rsquo;anime mais que j\u2019ai envie de pratiquer diff\u00e9remment. Je ressens l\u2019envie de me consacrer davantage au bien-\u00eatre et d\u2019\u00eatre pleinement disponible pour les enfants.<\/p>\n<p>De plus, le d\u00e9veloppement personnel, la recherche du bonheur et l\u2019\u00e9ducation me passionnent.<\/p>\n<p>Je pense que <strong>le bonheur s\u2019apprend<\/strong>, il se cultive et surtout il est bon pour la sant\u00e9\u00a0!<\/p>\n<p>D\u2019apr\u00e8s mes \u00e9tudes et mes exp\u00e9riences en \u00e9tablissements sociaux, la somatisation est tr\u00e8s fr\u00e9quente.<\/p>\n<p>Les enfants peuvent souffrir d\u2019\u00e9nur\u00e9sie, de constipation, de maux de ventre, d\u2019un sommeil agit\u00e9 \u2026 \u00e0 causes par exemple de conflits ou d\u2019un environnement stressant.<\/p>\n<p>Il me semble donc important d\u2019agir sur le corps et l\u2019esprit.<\/p>\n<p>\u00ab <strong>Source d\u2019\u00e9veil<\/strong> \u00bb, c\u2019est divers outils pour \u00e9veiller les adultes ET LES ENFANTS au bien-\u00eatre et au bonheur.<\/p>\n            <\/div>        <\/div>    <\/div><\/section>\n<\/div>\n<div  style=' margin-top:30px; margin-bottom:30px;'  class='hr hr-custom hr-center hr-icon-yes   avia-builder-el-7  el_after_av_toggle_container  el_before_av_heading '><span class='hr-inner  inner-border-av-border-thin' style=' width:50px; border-color:#37909b; max-width:45%;' ><span class='hr-inner-style'><\/span><\/span><span class='av-seperator-icon' style='color:#7bb343;' aria-hidden='true' data-av_icon='\ue8b8' data-av_iconfont='entypo-fontello'><\/span><span class='hr-inner  inner-border-av-border-thin' style=' width:50px; border-color:#37909b; max-width:45%;' ><span class='hr-inner-style'><\/span><\/span><\/div>\n<div  style='padding-bottom:10px; color:#37909b;' class='av-special-heading av-special-heading-h1 custom-color-heading blockquote modern-quote modern-centered  avia-builder-el-8  el_after_av_hr  el_before_av_textblock  '><h1 class='av-special-heading-tag '  itemprop=\"headline\"  >Partenariat avec les structures<\/h1><div class='special-heading-border'><div class='special-heading-inner-border' style='border-color:#37909b'><\/div><\/div><\/div>\n<section class=\"av_textblock_section \"  itemscope=\"itemscope\" itemtype=\"https:\/\/schema.org\/CreativeWork\" ><div class='avia_textblock  '   itemprop=\"text\" ><p>Je peux intervenir dans les structures (associations sociales, MECS, cr\u00e8ches, maisons de quartier, \u00e9coles \u2026) pour plusieurs raisons\u00a0:<\/p>\n<ul>\n<li><u>Soins individuels<\/u> <a href=\"http:\/\/source-d-eveil.fr\/index.php\/soin-individuel\/\">(lien)<\/a><\/li>\n<\/ul>\n<p>Je propose du <strong>Reiki<\/strong> (soin \u00e9nerg\u00e9tique) et du <strong>Shiatsu<\/strong> (pressions digitales), pour les <strong>professionnels<\/strong> des structures et le <strong>public<\/strong> accompagn\u00e9.<\/p>\n<p>Une tenue souple est n\u00e9cessaire pour le confort et la qualit\u00e9 du soin.<\/p>\n<p>J\u2019adapte les s\u00e9ances et leurs dur\u00e9es en fonction des besoins et vous fournis un devis.<\/p>\n<ul>\n<li><u>Atelier massage b\u00e9b\u00e9 en collectif\u00a0<\/u><\/li>\n<\/ul>\n<p class=\"cvGsUA direction-ltr align-center para-style-body\"><span class=\"OYPEnA font-feature-liga-off font-feature-clig-off font-feature-calt-off text-decoration-none text-strikethrough-none\">Masser b\u00e9b\u00e9 agit sur <\/span><span class=\"OYPEnA font-feature-liga-off font-feature-clig-off font-feature-calt-off text-decoration-none text-strikethrough-none\">la <\/span><span class=\"OYPEnA font-feature-liga-off font-feature-clig-off font-feature-calt-off text-decoration-none text-strikethrough-none\">digestion<\/span><span class=\"OYPEnA font-feature-liga-off font-feature-clig-off font-feature-calt-off text-decoration-none text-strikethrough-none\">, coliques, reflux, constipation, <\/span><span class=\"OYPEnA font-feature-liga-off font-feature-clig-off font-feature-calt-off text-decoration-none text-strikethrough-none\">le <\/span><span class=\"OYPEnA font-feature-liga-off font-feature-clig-off font-feature-calt-off text-decoration-none text-strikethrough-none\">sommeil, <\/span><span class=\"OYPEnA font-feature-liga-off font-feature-clig-off font-feature-calt-off text-decoration-none text-strikethrough-none\">les<\/span><span class=\"OYPEnA font-feature-liga-off font-feature-clig-off font-feature-calt-off text-decoration-none text-strikethrough-none\"> douleurs dentaires&#8230;<\/span><span class=\"OYPEnA font-feature-liga-off font-feature-clig-off font-feature-calt-off text-decoration-none text-strikethrough-none\">C\u2019est aussi un moment<\/span> <span class=\"OYPEnA font-feature-liga-off font-feature-clig-off font-feature-calt-off text-decoration-none text-strikethrough-none\">privil\u00e9gi\u00e9, de partage et de d\u00e9tente.<\/span><\/p>\n<p class=\"cvGsUA direction-ltr align-center para-style-body\"><span class=\"OYPEnA font-feature-liga-off font-feature-clig-off font-feature-calt-off text-decoration-none text-strikethrough-none\">Lors de la s\u00e9ance,<\/span><strong><span class=\"OYPEnA font-feature-liga-off font-feature-clig-off font-feature-calt-off text-decoration-none text-strikethrough-none\"> je montre aux participants, les gestes<\/span><span class=\"OYPEnA font-feature-liga-off font-feature-clig-off font-feature-calt-off text-decoration-none text-strikethrough-none\"> \u00e0 faire sur l&rsquo;ensemble du corps de b\u00e9b\u00e9 et leur remet <\/span><span class=\"OYPEnA font-feature-liga-off font-feature-clig-off font-feature-calt-off text-decoration-none text-strikethrough-none\">une fiche r\u00e9capitulative.<\/span><\/strong><\/p>\n<p>J\u2019adapte l&rsquo;atelier en fonction des besoins et vous fournis un devis.<\/p>\n<p><img loading=\"lazy\" decoding=\"async\" class=\"alignnone size-medium wp-image-1171\" src=\"http:\/\/eveil-sacre.fr\/wp-content\/uploads\/2025\/11\/Copie-de-Copie-de-carte-cadeau-couverture-300x240.png\" alt=\"\" width=\"300\" height=\"240\" srcset=\"https:\/\/eveil-sacre.fr\/wp-content\/uploads\/2025\/11\/Copie-de-Copie-de-carte-cadeau-couverture-300x240.png 300w, https:\/\/eveil-sacre.fr\/wp-content\/uploads\/2025\/11\/Copie-de-Copie-de-carte-cadeau-couverture-1030x824.png 1030w, https:\/\/eveil-sacre.fr\/wp-content\/uploads\/2025\/11\/Copie-de-Copie-de-carte-cadeau-couverture-768x614.png 768w, https:\/\/eveil-sacre.fr\/wp-content\/uploads\/2025\/11\/Copie-de-Copie-de-carte-cadeau-couverture-1536x1229.png 1536w, https:\/\/eveil-sacre.fr\/wp-content\/uploads\/2025\/11\/Copie-de-Copie-de-carte-cadeau-couverture-1500x1200.png 1500w, https:\/\/eveil-sacre.fr\/wp-content\/uploads\/2025\/11\/Copie-de-Copie-de-carte-cadeau-couverture-705x564.png 705w, https:\/\/eveil-sacre.fr\/wp-content\/uploads\/2025\/11\/Copie-de-Copie-de-carte-cadeau-couverture.png 2000w\" sizes=\"auto, (max-width: 300px) 100vw, 300px\" \/><\/p>\n<ul>\n<li><u>Atelier bien-\u00eatre en collectif<\/u><\/li>\n<\/ul>\n<p>Je propose diff\u00e9rents ateliers bien-\u00eatre, \u00e0 adapter en fonction de l&rsquo;\u00e2ge des enfants et des besoins\/envies des structures.\u00a0 Ces ateliers permettent aux enfants, de mani\u00e8re ludique, d\u2019\u00e9couter et de se connecter \u00e0 leur corps et leurs \u00e9motions, de s\u2019exprimer, de se questionner \u2026\u00a0 de prendre soin d\u2019eux.<\/p>\n<p>Exemple des objectifs d&rsquo;un atelier sur le th\u00e8me \u00ab\u00a0du corps\u00a0\u00bb effectu\u00e9 en multi-accueil :<\/p>\n<ul>\n<li>D\u00e9velopper la <strong>conscience corporelle<\/strong> de l\u2019enfant.<\/li>\n<li>Favoriser l\u2019<strong>\u00e9veil sensoriel et moteur<\/strong> par le toucher et le mouvement.<\/li>\n<li>Exp\u00e9rimenter la <strong>relation \u00e0 l\u2019autre<\/strong> \u00e0 travers des activit\u00e9s en duo.<\/li>\n<li>Alterner moments de <strong>dynamisme et de d\u00e9tente<\/strong> pour soutenir l\u2019attention et le bien-\u00eatre.<\/li>\n<li>Encourager l\u2019<strong>expression libre<\/strong> par le corps et la musique.<\/li>\n<\/ul>\n<p>J\u2019adapte les s\u00e9ances et leurs dur\u00e9es en fonction des besoins et vous fournis un devis.<\/p>\n<p><strong>Pour \u00e9changer et avoir un devis vous pouvez me contacter au 06 48 72 02 48 ou par mail, \u00e0 manon-brasselet@orange.fr<\/strong><\/p>\n<p><img loading=\"lazy\" decoding=\"async\" class=\"alignnone size-medium wp-image-1172\" src=\"http:\/\/eveil-sacre.fr\/wp-content\/uploads\/2025\/11\/Copie-de-carte-cadeau-couverture-300x240.png\" alt=\"\" width=\"300\" height=\"240\" srcset=\"https:\/\/eveil-sacre.fr\/wp-content\/uploads\/2025\/11\/Copie-de-carte-cadeau-couverture-300x240.png 300w, https:\/\/eveil-sacre.fr\/wp-content\/uploads\/2025\/11\/Copie-de-carte-cadeau-couverture-1030x824.png 1030w, https:\/\/eveil-sacre.fr\/wp-content\/uploads\/2025\/11\/Copie-de-carte-cadeau-couverture-768x614.png 768w, https:\/\/eveil-sacre.fr\/wp-content\/uploads\/2025\/11\/Copie-de-carte-cadeau-couverture-1536x1229.png 1536w, https:\/\/eveil-sacre.fr\/wp-content\/uploads\/2025\/11\/Copie-de-carte-cadeau-couverture-1500x1200.png 1500w, https:\/\/eveil-sacre.fr\/wp-content\/uploads\/2025\/11\/Copie-de-carte-cadeau-couverture-705x564.png 705w, https:\/\/eveil-sacre.fr\/wp-content\/uploads\/2025\/11\/Copie-de-carte-cadeau-couverture.png 2000w\" sizes=\"auto, (max-width: 300px) 100vw, 300px\" \/><\/p>\n<\/div><\/section>\n<div  style=' margin-top:30px; margin-bottom:30px;'  class='hr hr-custom hr-center hr-icon-yes   avia-builder-el-10  el_after_av_textblock  el_before_av_heading '><span class='hr-inner  inner-border-av-border-thin' style=' width:50px; border-color:#37909b; max-width:45%;' ><span class='hr-inner-style'><\/span><\/span><span class='av-seperator-icon' style='color:#7bb343;' aria-hidden='true' data-av_icon='\ue8b8' data-av_iconfont='entypo-fontello'><\/span><span class='hr-inner  inner-border-av-border-thin' style=' width:50px; border-color:#37909b; max-width:45%;' ><span class='hr-inner-style'><\/span><\/span><\/div>\n<div  style='padding-bottom:10px; color:#37909b;' class='av-special-heading av-special-heading-h1 custom-color-heading blockquote modern-quote modern-centered  avia-builder-el-11  el_after_av_hr  el_before_av_textblock  '><h1 class='av-special-heading-tag '  itemprop=\"headline\"  >Int\u00e9r\u00eats des ateliers bien-\u00eatre<\/h1><div class='special-heading-border'><div class='special-heading-inner-border' style='border-color:#37909b'><\/div><\/div><\/div>\n<section class=\"av_textblock_section \"  itemscope=\"itemscope\" itemtype=\"https:\/\/schema.org\/CreativeWork\" ><div class='avia_textblock  '   itemprop=\"text\" ><p>Le bonheur s\u2019apprend et des habitudes peuvent \u00eatre prises d\u00e8s l\u2019enfance.<\/p>\n<p>&#8211; Identifier ses \u00e9motions, les comprendre, les \u00e9couter, les exprimer et agir en fonction<\/p>\n<p>&#8211; Se questionner, d\u00e9velopper son esprit critique, identifier ce qui est important pour soi et avoir confiance en soi<\/p>\n<p>&#8211; Connaitre son corps, se masser, identifier les gestes qui soulagent par exemple des maux de t\u00eate, s\u2019apporter de la douceur<\/p>\n<p>&#8211; Prendre son temps, se relaxer, mieux g\u00e9rer son stress, bien respirer<\/p>\n<p>&#8211; Prendre la parole, \u00e9changer et avoir conscience des diff\u00e9rences de chacun<\/p>\n<p>Tout cela s\u2019apprend et demande de l\u2019entrainement\u00a0!<\/p>\n<p>A travers mes diverses propositions ludiques, yoga, massage, jeux de carte, m\u00e9ditation, livre, musique \u2026 j\u2019am\u00e8ne les enfants \u00e0 travailler sur ces th\u00e8mes.<\/p>\n<p>Ces outils sont source de d\u00e9couverte au d\u00e9veloppement personnel et peuvent devenir des ressources \u00e0 utiliser en cas de besoin.<\/p>\n<p>J\u2019ai \u00e0 c\u0153ur d&rsquo;accompagner les enfants \u00e0 croire en eux, \u00e0 d\u00e9velopper leur potentiel et leur autonomie.<\/p>\n<\/div><\/section>\n<div   class='hr hr-default   avia-builder-el-13  el_after_av_textblock  avia-builder-el-last '><span class='hr-inner ' ><span class='hr-inner-style'><\/span><\/span><\/div>\n","protected":false},"excerpt":{"rendered":"","protected":false},"author":1,"featured_media":0,"parent":0,"menu_order":0,"comment_status":"open","ping_status":"closed","template":"","meta":{"footnotes":""},"class_list":["post-556","page","type-page","status-publish","hentry"],"yoast_head":"<!-- This site is optimized with the Yoast SEO plugin v19.0 - https:\/\/yoast.com\/wordpress\/plugins\/seo\/ -->\n<title>Ateliers Bien-\u00eatre pour enfants - WordPress<\/title>\n<meta name=\"robots\" content=\"index, follow, max-snippet:-1, max-image-preview:large, max-video-preview:-1\" \/>\n<link rel=\"canonical\" href=\"https:\/\/eveil-sacre.fr\/index.php\/atelier-bien-etre\/\" \/>\n<meta property=\"og:locale\" content=\"fr_FR\" \/>\n<meta property=\"og:type\" content=\"article\" \/>\n<meta property=\"og:title\" content=\"Ateliers Bien-\u00eatre pour enfants - WordPress\" \/>\n<meta property=\"og:url\" content=\"https:\/\/eveil-sacre.fr\/index.php\/atelier-bien-etre\/\" \/>\n<meta property=\"og:site_name\" content=\"WordPress\" \/>\n<meta property=\"article:modified_time\" content=\"2025-11-25T11:49:13+00:00\" \/>\n<meta property=\"og:image\" content=\"http:\/\/eveil-sacre.fr\/wp-content\/uploads\/2025\/11\/Copie-de-Copie-de-carte-cadeau-couverture-300x240.png\" \/>\n<meta name=\"twitter:card\" content=\"summary_large_image\" \/>\n<meta name=\"twitter:label1\" content=\"Dur\u00e9e de lecture estim\u00e9e\" \/>\n\t<meta name=\"twitter:data1\" content=\"4 minutes\" \/>\n<script type=\"application\/ld+json\" class=\"yoast-schema-graph\">{\"@context\":\"https:\/\/schema.org\",\"@graph\":[{\"@type\":\"WebSite\",\"@id\":\"https:\/\/eveil-sacre.fr\/#website\",\"url\":\"https:\/\/eveil-sacre.fr\/\",\"name\":\"WordPress\",\"description\":\"Un site utilisant WordPress\",\"potentialAction\":[{\"@type\":\"SearchAction\",\"target\":{\"@type\":\"EntryPoint\",\"urlTemplate\":\"https:\/\/eveil-sacre.fr\/?s={search_term_string}\"},\"query-input\":\"required name=search_term_string\"}],\"inLanguage\":\"fr-FR\"},{\"@type\":\"ImageObject\",\"inLanguage\":\"fr-FR\",\"@id\":\"https:\/\/eveil-sacre.fr\/index.php\/atelier-bien-etre\/#primaryimage\",\"url\":\"https:\/\/eveil-sacre.fr\/wp-content\/uploads\/2025\/11\/Copie-de-Copie-de-carte-cadeau-couverture.png\",\"contentUrl\":\"https:\/\/eveil-sacre.fr\/wp-content\/uploads\/2025\/11\/Copie-de-Copie-de-carte-cadeau-couverture.png\",\"width\":2000,\"height\":1600},{\"@type\":\"WebPage\",\"@id\":\"https:\/\/eveil-sacre.fr\/index.php\/atelier-bien-etre\/#webpage\",\"url\":\"https:\/\/eveil-sacre.fr\/index.php\/atelier-bien-etre\/\",\"name\":\"Ateliers Bien-\u00eatre pour enfants - WordPress\",\"isPartOf\":{\"@id\":\"https:\/\/eveil-sacre.fr\/#website\"},\"primaryImageOfPage\":{\"@id\":\"https:\/\/eveil-sacre.fr\/index.php\/atelier-bien-etre\/#primaryimage\"},\"datePublished\":\"2021-04-29T14:32:25+00:00\",\"dateModified\":\"2025-11-25T11:49:13+00:00\",\"breadcrumb\":{\"@id\":\"https:\/\/eveil-sacre.fr\/index.php\/atelier-bien-etre\/#breadcrumb\"},\"inLanguage\":\"fr-FR\",\"potentialAction\":[{\"@type\":\"ReadAction\",\"target\":[\"https:\/\/eveil-sacre.fr\/index.php\/atelier-bien-etre\/\"]}]},{\"@type\":\"BreadcrumbList\",\"@id\":\"https:\/\/eveil-sacre.fr\/index.php\/atelier-bien-etre\/#breadcrumb\",\"itemListElement\":[{\"@type\":\"ListItem\",\"position\":1,\"name\":\"Accueil\",\"item\":\"https:\/\/eveil-sacre.fr\/\"},{\"@type\":\"ListItem\",\"position\":2,\"name\":\"Ateliers Bien-\u00eatre pour enfants\"}]}]}<\/script>\n<!-- \/ Yoast SEO plugin. -->","yoast_head_json":{"title":"Ateliers Bien-\u00eatre pour enfants - WordPress","robots":{"index":"index","follow":"follow","max-snippet":"max-snippet:-1","max-image-preview":"max-image-preview:large","max-video-preview":"max-video-preview:-1"},"canonical":"https:\/\/eveil-sacre.fr\/index.php\/atelier-bien-etre\/","og_locale":"fr_FR","og_type":"article","og_title":"Ateliers Bien-\u00eatre pour enfants - WordPress","og_url":"https:\/\/eveil-sacre.fr\/index.php\/atelier-bien-etre\/","og_site_name":"WordPress","article_modified_time":"2025-11-25T11:49:13+00:00","og_image":[{"url":"http:\/\/eveil-sacre.fr\/wp-content\/uploads\/2025\/11\/Copie-de-Copie-de-carte-cadeau-couverture-300x240.png"}],"twitter_card":"summary_large_image","twitter_misc":{"Dur\u00e9e de lecture estim\u00e9e":"4 minutes"},"schema":{"@context":"https:\/\/schema.org","@graph":[{"@type":"WebSite","@id":"https:\/\/eveil-sacre.fr\/#website","url":"https:\/\/eveil-sacre.fr\/","name":"WordPress","description":"Un site utilisant WordPress","potentialAction":[{"@type":"SearchAction","target":{"@type":"EntryPoint","urlTemplate":"https:\/\/eveil-sacre.fr\/?s={search_term_string}"},"query-input":"required name=search_term_string"}],"inLanguage":"fr-FR"},{"@type":"ImageObject","inLanguage":"fr-FR","@id":"https:\/\/eveil-sacre.fr\/index.php\/atelier-bien-etre\/#primaryimage","url":"https:\/\/eveil-sacre.fr\/wp-content\/uploads\/2025\/11\/Copie-de-Copie-de-carte-cadeau-couverture.png","contentUrl":"https:\/\/eveil-sacre.fr\/wp-content\/uploads\/2025\/11\/Copie-de-Copie-de-carte-cadeau-couverture.png","width":2000,"height":1600},{"@type":"WebPage","@id":"https:\/\/eveil-sacre.fr\/index.php\/atelier-bien-etre\/#webpage","url":"https:\/\/eveil-sacre.fr\/index.php\/atelier-bien-etre\/","name":"Ateliers Bien-\u00eatre pour enfants - WordPress","isPartOf":{"@id":"https:\/\/eveil-sacre.fr\/#website"},"primaryImageOfPage":{"@id":"https:\/\/eveil-sacre.fr\/index.php\/atelier-bien-etre\/#primaryimage"},"datePublished":"2021-04-29T14:32:25+00:00","dateModified":"2025-11-25T11:49:13+00:00","breadcrumb":{"@id":"https:\/\/eveil-sacre.fr\/index.php\/atelier-bien-etre\/#breadcrumb"},"inLanguage":"fr-FR","potentialAction":[{"@type":"ReadAction","target":["https:\/\/eveil-sacre.fr\/index.php\/atelier-bien-etre\/"]}]},{"@type":"BreadcrumbList","@id":"https:\/\/eveil-sacre.fr\/index.php\/atelier-bien-etre\/#breadcrumb","itemListElement":[{"@type":"ListItem","position":1,"name":"Accueil","item":"https:\/\/eveil-sacre.fr\/"},{"@type":"ListItem","position":2,"name":"Ateliers Bien-\u00eatre pour enfants"}]}]}},"_links":{"self":[{"href":"https:\/\/eveil-sacre.fr\/index.php\/wp-json\/wp\/v2\/pages\/556","targetHints":{"allow":["GET"]}}],"collection":[{"href":"https:\/\/eveil-sacre.fr\/index.php\/wp-json\/wp\/v2\/pages"}],"about":[{"href":"https:\/\/eveil-sacre.fr\/index.php\/wp-json\/wp\/v2\/types\/page"}],"author":[{"embeddable":true,"href":"https:\/\/eveil-sacre.fr\/index.php\/wp-json\/wp\/v2\/users\/1"}],"replies":[{"embeddable":true,"href":"https:\/\/eveil-sacre.fr\/index.php\/wp-json\/wp\/v2\/comments?post=556"}],"version-history":[{"count":29,"href":"https:\/\/eveil-sacre.fr\/index.php\/wp-json\/wp\/v2\/pages\/556\/revisions"}],"predecessor-version":[{"id":1174,"href":"https:\/\/eveil-sacre.fr\/index.php\/wp-json\/wp\/v2\/pages\/556\/revisions\/1174"}],"wp:attachment":[{"href":"https:\/\/eveil-sacre.fr\/index.php\/wp-json\/wp\/v2\/media?parent=556"}],"curies":[{"name":"wp","href":"https:\/\/api.w.org\/{rel}","templated":true}]}}